{"id":44462,"date":"2026-03-03T10:57:33","date_gmt":"2026-03-03T09:57:33","guid":{"rendered":"https:\/\/www.green-expo.be\/garden-center-awards\/"},"modified":"2026-04-22T15:30:57","modified_gmt":"2026-04-22T13:30:57","slug":"garden-center-awards","status":"publish","type":"page","link":"https:\/\/www.green-expo.be\/fr\/garden-center-awards\/","title":{"rendered":"Garden Center Awards"},"content":{"rendered":"\t\t<div data-elementor-type=\"wp-page\" data-elementor-id=\"44462\" class=\"elementor elementor-44462 elementor-27542\" data-elementor-post-type=\"page\">\n\t\t\t\t\t\t<section class=\"elementor-section elementor-top-section elementor-element elementor-element-db9a2e2 elementor-section-boxed elementor-section-height-default elementor-section-height-default\" data-id=\"db9a2e2\" data-element_type=\"section\">\n\t\t\t\t\t\t<div class=\"elementor-container elementor-column-gap-default\">\n\t\t\t\t\t<div class=\"elementor-column elementor-col-100 elementor-top-column elementor-element elementor-element-0b00e6c\" data-id=\"0b00e6c\" data-element_type=\"column\">\n\t\t\t<div class=\"elementor-widget-wrap elementor-element-populated\">\n\t\t\t\t\t\t<div class=\"elementor-element elementor-element-32d138b elementor-widget elementor-widget-image\" data-id=\"32d138b\" data-element_type=\"widget\" data-widget_type=\"image.default\">\n\t\t\t\t<div class=\"elementor-widget-container\">\n\t\t\t\t\t\t\t\t\t\t\t\t\t\t\t<img fetchpriority=\"high\" decoding=\"async\" width=\"313\" height=\"268\" src=\"https:\/\/easyfairsassets.com\/sites\/172\/2026\/04\/GCA-logo-transparant-web-klein.png\" class=\"attachment-large size-large wp-image-45009\" alt=\"\" srcset=\"https:\/\/easyfairsassets.com\/sites\/172\/2026\/04\/GCA-logo-transparant-web-klein.png 313w, https:\/\/easyfairsassets.com\/sites\/172\/2026\/04\/GCA-logo-transparant-web-klein-300x257.png 300w\" sizes=\"(max-width: 313px) 100vw, 313px\" \/>\t\t\t\t\t\t\t\t\t\t\t\t\t\t\t<\/div>\n\t\t\t\t<\/div>\n\t\t\t\t\t<\/div>\n\t\t<\/div>\n\t\t\t\t\t<\/div>\n\t\t<\/section>\n\t\t\t\t<section class=\"elementor-section elementor-top-section elementor-element elementor-element-c896a83 elementor-section-boxed elementor-section-height-default elementor-section-height-default\" data-id=\"c896a83\" data-element_type=\"section\">\n\t\t\t\t\t\t<div class=\"elementor-container elementor-column-gap-default\">\n\t\t\t\t\t<div class=\"elementor-column elementor-col-100 elementor-top-column elementor-element elementor-element-3aedd43\" data-id=\"3aedd43\" data-element_type=\"column\">\n\t\t\t<div class=\"elementor-widget-wrap elementor-element-populated\">\n\t\t\t\t\t\t<div class=\"elementor-element elementor-element-64b2561 elementor-widget elementor-widget-heading\" data-id=\"64b2561\" data-element_type=\"widget\" data-widget_type=\"heading.default\">\n\t\t\t\t<div class=\"elementor-widget-container\">\n\t\t\t\t\t<h2 class=\"elementor-heading-title elementor-size-default\">Votre entreprise deviendra-t-elle la meilleure jardinerie ou p\u00e9pini\u00e8re de Flandre <\/h2>\t\t\t\t<\/div>\n\t\t\t\t<\/div>\n\t\t\t\t<div class=\"elementor-element elementor-element-f69c8a4 elementor-widget elementor-widget-text-editor\" data-id=\"f69c8a4\" data-element_type=\"widget\" data-widget_type=\"text-editor.default\">\n\t\t\t\t<div class=\"elementor-widget-container\">\n\t\t\t\t\t\t\t\t\t<p>Pour la<strong>\u00a08e fois<\/strong>\u00a0d\u00e9j\u00e0, l\u2019Association Belux du commerce de Jardin asbl organise les<strong>\u00a0Garden Centre Awards<\/strong>\u00a0(GCA), qui ont lieu tous les deux ans. Les participants sont \u00e0 la recherche des \u00ab \u00e9toiles \u00bb attribu\u00e9es par notre jury, et nous mettons ainsi \u00e0 l\u2019honneur les \u00e9tablissements 3, 4 et 5 \u00e9toiles. Et bien s\u00fbr, il y a aussi un grand gagnant. Mais pas un seul, plusieurs. Cette ann\u00e9e, nous r\u00e9compensons :<br \/>\u2013 Meilleure jardinerie<br \/>\u2013 Meilleure p\u00e9pini\u00e8re<br \/>\u2013 La jardinerie\/p\u00e9pini\u00e8re la plus durable (Nouveau!)<\/p>\n<p>GCA est une initiative de l\u2019Association Belux du commerce de Jardin asbl<\/p>\n\t\t\t\t\t\t\t\t<\/div>\n\t\t\t\t<\/div>\n\t\t\t\t\t<\/div>\n\t\t<\/div>\n\t\t\t\t\t<\/div>\n\t\t<\/section>\n\t\t<div class=\"elementor-element elementor-element-5268b63 e-flex e-con-boxed e-con e-parent\" data-id=\"5268b63\" data-element_type=\"container\" data-settings=\"{&quot;background_background&quot;:&quot;classic&quot;}\">\n\t\t\t\t\t<div class=\"e-con-inner\">\n\t\t<div class=\"elementor-element elementor-element-fc68112 e-con-full e-flex e-con e-child\" data-id=\"fc68112\" data-element_type=\"container\" data-settings=\"{&quot;background_background&quot;:&quot;classic&quot;}\">\n\t\t<div class=\"elementor-element elementor-element-62d8f6e e-con-full e-flex e-con e-child\" data-id=\"62d8f6e\" data-element_type=\"container\" data-settings=\"{&quot;background_background&quot;:&quot;classic&quot;}\">\n\t\t\t\t<div class=\"elementor-element elementor-element-39fa9bc elementor-widget elementor-widget-heading\" data-id=\"39fa9bc\" data-element_type=\"widget\" data-widget_type=\"heading.default\">\n\t\t\t\t<div class=\"elementor-widget-container\">\n\t\t\t\t\t<h2 class=\"elementor-heading-title elementor-size-default\">Pourquoi tenter sa chance pour remporter ces \u00e9toiles tant convoit\u00e9es ?<\/h2>\t\t\t\t<\/div>\n\t\t\t\t<\/div>\n\t\t\t\t<div class=\"elementor-element elementor-element-40eea73 elementor-widget elementor-widget-text-editor\" data-id=\"40eea73\" data-element_type=\"widget\" data-widget_type=\"text-editor.default\">\n\t\t\t\t<div class=\"elementor-widget-container\">\n\t\t\t\t\t\t\t\t\t<p>Dans un march\u00e9 de plus en plus concurrentiel, chaque entreprise doit oser se remettre en question. Les GCA vous o\udbc0\uddafrent la possibilit\u00e9 de faire \u00e9valuer votre entreprise de mani\u00e8re simple et accessible, et de recevoir en retour un rapport d\u00e9taill\u00e9 avec des recommandations. Vous pouvez ainsi vous mettre imm\u00e9diatement au travail pour vous am\u00e9liorer sans cesse et voir o\u00f9 vous vous situez par rapport \u00e0 la moyenne nationale. La campagne de communication et le mat\u00e9riel promotionnel que l\u2019ABJ met \u00e0 la disposition des laur\u00e9ats vous permettent de vous d\u00e9marquer aupr\u00e8s de vos clients. Vous pouvez donc mettre en avant le label \u00ab Meilleure jardinerie ou jardinerie la plus durable de Wallonie 2026-2028 \u00bb.<\/p>\n\t\t\t\t\t\t\t\t<\/div>\n\t\t\t\t<\/div>\n\t\t\t\t<\/div>\n\t\t\t\t<\/div>\n\t\t<div class=\"elementor-element elementor-element-743f9c9 e-con-full e-flex e-con e-child\" data-id=\"743f9c9\" data-element_type=\"container\">\n\t\t\t\t<div class=\"elementor-element elementor-element-cee092a elementor-widget elementor-widget-image\" data-id=\"cee092a\" data-element_type=\"widget\" data-widget_type=\"image.default\">\n\t\t\t\t<div class=\"elementor-widget-container\">\n\t\t\t\t\t\t\t\t\t\t\t\t\t\t\t<img fetchpriority=\"high\" decoding=\"async\" width=\"313\" height=\"268\" src=\"https:\/\/easyfairsassets.com\/sites\/172\/2026\/04\/GCA-logo-transparant-web-klein.png\" class=\"attachment-large size-large wp-image-45009\" alt=\"\" srcset=\"https:\/\/easyfairsassets.com\/sites\/172\/2026\/04\/GCA-logo-transparant-web-klein.png 313w, https:\/\/easyfairsassets.com\/sites\/172\/2026\/04\/GCA-logo-transparant-web-klein-300x257.png 300w\" sizes=\"(max-width: 313px) 100vw, 313px\" \/>\t\t\t\t\t\t\t\t\t\t\t\t\t\t\t<\/div>\n\t\t\t\t<\/div>\n\t\t\t\t<\/div>\n\t\t<div class=\"elementor-element elementor-element-d5e5c2c e-con-full e-flex e-con e-child\" data-id=\"d5e5c2c\" data-element_type=\"container\">\n\t\t\t\t<div class=\"elementor-element elementor-element-40e975c elementor-widget elementor-widget-image\" data-id=\"40e975c\" data-element_type=\"widget\" data-widget_type=\"image.default\">\n\t\t\t\t<div class=\"elementor-widget-container\">\n\t\t\t\t\t\t\t\t\t\t\t\t\t\t\t<img decoding=\"async\" width=\"800\" height=\"409\" src=\"https:\/\/easyfairsassets.com\/sites\/172\/2026\/04\/ABJ-BTV-logo-transparant.png\" class=\"attachment-large size-large wp-image-45011\" alt=\"\" srcset=\"https:\/\/easyfairsassets.com\/sites\/172\/2026\/04\/ABJ-BTV-logo-transparant.png 1000w, https:\/\/easyfairsassets.com\/sites\/172\/2026\/04\/ABJ-BTV-logo-transparant-300x153.png 300w, https:\/\/easyfairsassets.com\/sites\/172\/2026\/04\/ABJ-BTV-logo-transparant-768x392.png 768w\" sizes=\"(max-width: 800px) 100vw, 800px\" \/>\t\t\t\t\t\t\t\t\t\t\t\t\t\t\t<\/div>\n\t\t\t\t<\/div>\n\t\t\t\t<\/div>\n\t\t<div class=\"elementor-element elementor-element-70f8062 e-con-full e-flex e-con e-child\" data-id=\"70f8062\" data-element_type=\"container\">\n\t\t<div class=\"elementor-element elementor-element-2c6c1cc e-con-full e-flex e-con e-child\" data-id=\"2c6c1cc\" data-element_type=\"container\">\n\t\t\t\t<div class=\"elementor-element elementor-element-d8a2380 elementor-widget elementor-widget-heading\" data-id=\"d8a2380\" data-element_type=\"widget\" data-widget_type=\"heading.default\">\n\t\t\t\t<div class=\"elementor-widget-container\">\n\t\t\t\t\t<h2 class=\"elementor-heading-title elementor-size-default\">L\u2019avis des professionnels\u2026 et celui des consommateurs<\/h2>\t\t\t\t<\/div>\n\t\t\t\t<\/div>\n\t\t\t\t<div class=\"elementor-element elementor-element-0772f63 elementor-widget elementor-widget-text-editor\" data-id=\"0772f63\" data-element_type=\"widget\" data-widget_type=\"text-editor.default\">\n\t\t\t\t<div class=\"elementor-widget-container\">\n\t\t\t\t\t\t\t\t\t<p>NOUVEAUT\u00c9 cette ann\u00e9e : un double syst\u00e8me d\u2019\u00e9valuation. Outre un jury professionnel, des clients myst\u00e8res se rendront dans votre \u00e9tablissement et l\u2019\u00e9valueront selon des crit\u00e8res stricts et pr\u00e9d\u00e9finis. Autre nouveaut\u00e9 : une section consacr\u00e9e \u00e0 la mani\u00e8re dont vous conseillez les consommateurs pour jardiner de mani\u00e8re plus durable. Les 40 participants de 2024 savent tr\u00e8s bien quelle mine d\u2019informations et quelle visibilit\u00e9 cela leur apporte.<\/p>\n\t\t\t\t\t\t\t\t<\/div>\n\t\t\t\t<\/div>\n\t\t\t\t<\/div>\n\t\t\t\t<\/div>\n\t\t\t\t\t<\/div>\n\t\t\t\t<\/div>\n\t\t\t\t<section class=\"elementor-section elementor-top-section elementor-element elementor-element-6af5dce elementor-section-boxed elementor-section-height-default elementor-section-height-default\" data-id=\"6af5dce\" data-element_type=\"section\">\n\t\t\t\t\t\t<div class=\"elementor-container elementor-column-gap-default\">\n\t\t\t\t\t<div class=\"elementor-column elementor-col-100 elementor-top-column elementor-element elementor-element-be3d8ed\" data-id=\"be3d8ed\" data-element_type=\"column\">\n\t\t\t<div class=\"elementor-widget-wrap elementor-element-populated\">\n\t\t\t\t<div class=\"elementor-element elementor-element-9e229b5 e-flex e-con-boxed e-con e-parent\" data-id=\"9e229b5\" data-element_type=\"container\">\n\t\t\t\t\t<div class=\"e-con-inner\">\n\t\t\t\t\t<\/div>\n\t\t\t\t<\/div>\n\t\t\t\t<div class=\"elementor-element elementor-element-d9a7e22 elementor-widget elementor-widget-heading\" data-id=\"d9a7e22\" data-element_type=\"widget\" data-widget_type=\"heading.default\">\n\t\t\t\t<div class=\"elementor-widget-container\">\n\t\t\t\t\t<h2 class=\"elementor-heading-title elementor-size-default\">Vous voulez savoir qui \u00e9taient les gagnants en 2024 ?<\/h2>\t\t\t\t<\/div>\n\t\t\t\t<\/div>\n\t\t\t\t<div class=\"elementor-element elementor-element-aa6c2f1 elementor-align-center elementor-widget elementor-widget-button\" data-id=\"aa6c2f1\" data-element_type=\"widget\" data-widget_type=\"button.default\">\n\t\t\t\t<div class=\"elementor-widget-container\">\n\t\t\t\t\t\t\t\t\t<div class=\"elementor-button-wrapper\">\n\t\t\t\t\t<a class=\"elementor-button elementor-button-link elementor-size-sm\" href=\"https:\/\/tuincentra-vzw.be\/garden-centre-awards\/\">\n\t\t\t\t\t\t<span class=\"elementor-button-content-wrapper\">\n\t\t\t\t\t\t\t\t\t<span class=\"elementor-button-text\">Klik hier en ontdek het!<\/span>\n\t\t\t\t\t<\/span>\n\t\t\t\t\t<\/a>\n\t\t\t\t<\/div>\n\t\t\t\t\t\t\t\t<\/div>\n\t\t\t\t<\/div>\n\t\t\t\t\t<\/div>\n\t\t<\/div>\n\t\t\t\t\t<\/div>\n\t\t<\/section>\n\t\t<div class=\"elementor-element elementor-element-f64a848 e-flex e-con-boxed e-con e-parent\" data-id=\"f64a848\" data-element_type=\"container\">\n\t\t\t\t\t<div class=\"e-con-inner\">\n\t\t\t\t<div class=\"elementor-element elementor-element-54684b5 elementor-widget elementor-widget-spacer\" data-id=\"54684b5\" data-element_type=\"widget\" data-widget_type=\"spacer.default\">\n\t\t\t\t<div class=\"elementor-widget-container\">\n\t\t\t\t\t\t\t<div class=\"elementor-spacer\">\n\t\t\t<div class=\"elementor-spacer-inner\"><\/div>\n\t\t<\/div>\n\t\t\t\t\t\t<\/div>\n\t\t\t\t<\/div>\n\t\t\t\t\t<\/div>\n\t\t\t\t<\/div>\n\t\t\t\t<\/div>\n\t\t","protected":false},"excerpt":{"rendered":"<p>Votre entreprise deviendra-t-elle la meilleure jardinerie ou p\u00e9pini\u00e8re de Flandre Pour la\u00a08e fois\u00a0d\u00e9j\u00e0, l\u2019Association Belux du commerce de Jardin asbl organise les\u00a0Garden Centre Awards\u00a0(GCA), qui ont lieu tous les deux ans. Les participants sont \u00e0 la recherche des \u00ab \u00e9toiles \u00bb attribu\u00e9es par notre jury, et nous mettons ainsi \u00e0 l\u2019honneur les \u00e9tablissements 3, 4 [&hellip;]<\/p>\n","protected":false},"author":1351,"featured_media":0,"parent":0,"menu_order":0,"comment_status":"closed","ping_status":"closed","template":"","meta":{"_seopress_robots_primary_cat":"","_seopress_titles_title":"Garden Center Awards - GREEN ","_seopress_titles_desc":"","_seopress_robots_index":"","footnotes":""},"class_list":["post-44462","page","type-page","status-publish","hentry"],"_links":{"self":[{"href":"https:\/\/www.green-expo.be\/fr\/wp-json\/wp\/v2\/pages\/44462","targetHints":{"allow":["GET"]}}],"collection":[{"href":"https:\/\/www.green-expo.be\/fr\/wp-json\/wp\/v2\/pages"}],"about":[{"href":"https:\/\/www.green-expo.be\/fr\/wp-json\/wp\/v2\/types\/page"}],"author":[{"embeddable":true,"href":"https:\/\/www.green-expo.be\/fr\/wp-json\/wp\/v2\/users\/1351"}],"replies":[{"embeddable":true,"href":"https:\/\/www.green-expo.be\/fr\/wp-json\/wp\/v2\/comments?post=44462"}],"version-history":[{"count":5,"href":"https:\/\/www.green-expo.be\/fr\/wp-json\/wp\/v2\/pages\/44462\/revisions"}],"predecessor-version":[{"id":45026,"href":"https:\/\/www.green-expo.be\/fr\/wp-json\/wp\/v2\/pages\/44462\/revisions\/45026"}],"wp:attachment":[{"href":"https:\/\/www.green-expo.be\/fr\/wp-json\/wp\/v2\/media?parent=44462"}],"curies":[{"name":"wp","href":"https:\/\/api.w.org\/{rel}","templated":true}]}}